{"id":81,"date":"2023-03-03T22:27:41","date_gmt":"2023-03-03T21:27:41","guid":{"rendered":"https:\/\/www.politicti-vezni.cz\/?page_id=81"},"modified":"2023-03-03T22:28:20","modified_gmt":"2023-03-03T21:28:20","slug":"o-sdruzeni","status":"publish","type":"page","link":"https:\/\/www.politicti-vezni.cz\/?page_id=81","title":{"rendered":"O sdru\u017een\u00ed"},"content":{"rendered":"\t\t<div data-elementor-type=\"wp-page\" data-elementor-id=\"81\" class=\"elementor elementor-81\" data-elementor-settings=\"{&quot;ha_cmc_init_switcher&quot;:&quot;no&quot;}\">\n\t\t\t\t\t\t<section class=\"elementor-section elementor-top-section elementor-element elementor-element-40888462 elementor-section-boxed elementor-section-height-default elementor-section-height-default\" data-id=\"40888462\" data-element_type=\"section\" data-e-type=\"section\" data-settings=\"{&quot;_ha_eqh_enable&quot;:false}\">\n\t\t\t\t\t\t<div class=\"elementor-container elementor-column-gap-default\">\n\t\t\t\t\t<div class=\"elementor-column elementor-col-100 elementor-top-column elementor-element elementor-element-79d31d8a\" data-id=\"79d31d8a\" data-element_type=\"column\" data-e-type=\"column\">\n\t\t\t<div class=\"elementor-widget-wrap elementor-element-populated\">\n\t\t\t\t\t\t<div class=\"elementor-element elementor-element-5dc5242b elementor-widget elementor-widget-text-editor\" data-id=\"5dc5242b\" data-element_type=\"widget\" data-e-type=\"widget\" data-widget_type=\"text-editor.default\">\n\t\t\t\t<div class=\"elementor-widget-container\">\n\t\t\t\t\t\t\t\t\t<p><img fetchpriority=\"high\" decoding=\"async\" class=\"size-medium wp-image-34 alignleft\" src=\"https:\/\/www.politicti-vezni.cz\/wp-content\/uploads\/2023\/03\/cropped-logo_sbpv_cmyk-1-297x300.jpg\" alt=\"\" width=\"297\" height=\"300\" srcset=\"https:\/\/www.politicti-vezni.cz\/wp-content\/uploads\/2023\/03\/cropped-logo_sbpv_cmyk-1-297x300.jpg 297w, https:\/\/www.politicti-vezni.cz\/wp-content\/uploads\/2023\/03\/cropped-logo_sbpv_cmyk-1-1014x1024.jpg 1014w, https:\/\/www.politicti-vezni.cz\/wp-content\/uploads\/2023\/03\/cropped-logo_sbpv_cmyk-1-768x775.jpg 768w, https:\/\/www.politicti-vezni.cz\/wp-content\/uploads\/2023\/03\/cropped-logo_sbpv_cmyk-1-1521x1536.jpg 1521w, https:\/\/www.politicti-vezni.cz\/wp-content\/uploads\/2023\/03\/cropped-logo_sbpv_cmyk-1-2029x2048.jpg 2029w\" sizes=\"(max-width: 297px) 100vw, 297px\" \/><\/p>\n\n<p>Sdru\u017een\u00ed b\u00fdval\u00fdch politick\u00fdch v\u011bz\u0148\u016f \u010cesk\u00e9 republiky (SBPV-\u010cR), je spole\u010denskou organizac\u00ed sdru\u017euj\u00edc\u00ed b\u00fdval\u00e9 politick\u00e9 v\u011bzn\u011b z obdob\u00ed komunistick\u00e9 perzekuce, kter\u00fdm se za jejich n\u00e1zory totalitn\u00ed re\u017eim mstil v\u011bzn\u011bn\u00edm i otrockou prac\u00ed v komunistick\u00fdch koncentra\u010dn\u00edch t\u00e1borech. Sdru\u017euje ob\u010dany pron\u00e1sledovan\u00e9 a v\u011bzn\u011bn\u00e9 nejen v pades\u00e1t\u00fdch letech, ale prakticky a\u017e do roku 1989.<br \/>Sdru\u017een\u00ed bylo zalo\u017eeno a registrov\u00e1no MV-\u010cR v \u0159\u00edjnu roku 1994.<\/p>\n\n<p>SBPV vzniklo pot\u00e9, co se \u0159ada \u010dlen\u016f rozhodla ukon\u010dit sv\u00e9 \u010dlenstv\u00ed v KPV proto\u017ee se s jej\u00edm veden\u00edm rozch\u00e1zeli v n\u00e1zoru, \u017ee podm\u00ednkou \u010dlenstv\u00ed v organizaci politick\u00fdch v\u011bz\u0148\u016f komunistick\u00e9ho re\u017eimu by m\u011blo b\u00fdt negativn\u00ed lustra\u010dn\u00ed osv\u011bd\u010den\u00ed.<\/p>\n\n<p>SBPV-\u010cR se stav\u00ed kriticky ke v\u0161em praktik\u00e1m totalitn\u00edho syst\u00e9mu, sna\u017e\u00ed se zdokumentovat zv\u011brstva komunistick\u00e9 minulosti, ale tak\u00e9 sledovat i sou\u010dasnost. Prosazuje potrest\u00e1n\u00ed v\u0161ech, kte\u0159\u00ed se pod\u00edleli za komunistick\u00e9 \u00e9ry na zlo\u010dinech proti lidskosti. Pom\u00e1h\u00e1 v mez\u00edch sv\u00fdch mo\u017enost\u00ed vy\u0161et\u0159uj\u00edc\u00edm org\u00e1n\u016fm MV (\u00daDV) v odhalov\u00e1n\u00ed t\u011bchto zlo\u010din\u016f a sou\u010dasn\u011b i odhalit agenty StB mezi politick\u00fdmi v\u011bzni.<br \/>Zejm\u00e9na se sna\u017e\u00ed, aby se o krutostech minul\u00e9ho re\u017eimu dozv\u011bd\u011bli p\u0159edev\u0161\u00edm mlad\u00ed lid\u00e9 v \u010desk\u00e9 republice i v zahrani\u010d\u00ed.<\/p>\n\t\t\t\t\t\t\t\t<\/div>\n\t\t\t\t<\/div>\n\t\t\t\t\t<\/div>\n\t\t<\/div>\n\t\t\t\t\t<\/div>\n\t\t<\/section>\n\t\t\t\t<\/div>\n\t\t","protected":false},"excerpt":{"rendered":"<div class=\"mh-excerpt\"><p>Sdru\u017een\u00ed b\u00fdval\u00fdch politick\u00fdch v\u011bz\u0148\u016f \u010cesk\u00e9 republiky (SBPV-\u010cR), je spole\u010denskou organizac\u00ed sdru\u017euj\u00edc\u00ed b\u00fdval\u00e9 politick\u00e9 v\u011bzn\u011b z obdob\u00ed komunistick\u00e9 perzekuce, kter\u00fdm se za jejich n\u00e1zory totalitn\u00ed re\u017eim <a class=\"mh-excerpt-more\" href=\"https:\/\/www.politicti-vezni.cz\/?page_id=81\" title=\"O sdru\u017een\u00ed\">[&#8230;]<\/a><\/p>\n<\/div>","protected":false},"author":1,"featured_media":0,"parent":0,"menu_order":0,"comment_status":"closed","ping_status":"closed","template":"","meta":{"footnotes":""},"class_list":["post-81","page","type-page","status-publish","hentry"],"_links":{"self":[{"href":"https:\/\/www.politicti-vezni.cz\/index.php?rest_route=\/wp\/v2\/pages\/81","targetHints":{"allow":["GET"]}}],"collection":[{"href":"https:\/\/www.politicti-vezni.cz\/index.php?rest_route=\/wp\/v2\/pages"}],"about":[{"href":"https:\/\/www.politicti-vezni.cz\/index.php?rest_route=\/wp\/v2\/types\/page"}],"author":[{"embeddable":true,"href":"https:\/\/www.politicti-vezni.cz\/index.php?rest_route=\/wp\/v2\/users\/1"}],"replies":[{"embeddable":true,"href":"https:\/\/www.politicti-vezni.cz\/index.php?rest_route=%2Fwp%2Fv2%2Fcomments&post=81"}],"version-history":[{"count":4,"href":"https:\/\/www.politicti-vezni.cz\/index.php?rest_route=\/wp\/v2\/pages\/81\/revisions"}],"predecessor-version":[{"id":85,"href":"https:\/\/www.politicti-vezni.cz\/index.php?rest_route=\/wp\/v2\/pages\/81\/revisions\/85"}],"wp:attachment":[{"href":"https:\/\/www.politicti-vezni.cz\/index.php?rest_route=%2Fwp%2Fv2%2Fmedia&parent=81"}],"curies":[{"name":"wp","href":"https:\/\/api.w.org\/{rel}","templated":true}]}}